{"id":418,"date":"2025-08-06T13:35:01","date_gmt":"2025-08-06T11:35:01","guid":{"rendered":"https:\/\/www.radici-genealogia.com\/?page_id=418"},"modified":"2025-08-08T15:17:34","modified_gmt":"2025-08-08T13:17:34","slug":"diaspora-storia","status":"publish","type":"page","link":"https:\/\/www.radici-genealogia.com\/home\/diaspora-storia\/","title":{"rendered":"Diaspora &#8211; Storia"},"content":{"rendered":"\t\t<div data-elementor-type=\"wp-page\" data-elementor-id=\"418\" class=\"elementor elementor-418\" data-elementor-post-type=\"page\">\n\t\t\t\t<div class=\"elementor-element elementor-element-4fe3662 e-flex e-con-boxed e-con e-parent\" data-id=\"4fe3662\" data-element_type=\"container\" data-e-type=\"container\">\n\t\t\t\t\t<div class=\"e-con-inner\">\n\t\t\t\t<div class=\"elementor-element elementor-element-df9a9bf elementor-widget-mobile__width-initial elementor-widget elementor-widget-heading\" data-id=\"df9a9bf\" data-element_type=\"widget\" data-e-type=\"widget\" data-widget_type=\"heading.default\">\n\t\t\t\t\t<h2 class=\"elementor-heading-title elementor-size-default\">Diaspora \u2013 Storia\n<\/h2>\t\t\t\t<\/div>\n\t\t\t\t<div class=\"elementor-element elementor-element-d35ad37 elementor-widget-mobile__width-initial elementor-widget elementor-widget-image\" data-id=\"d35ad37\" data-element_type=\"widget\" data-e-type=\"widget\" data-widget_type=\"image.default\">\n\t\t\t\t\t\t\t\t\t\t\t\t\t\t\t<img alt=\"\" fetchpriority=\"high\" decoding=\"async\" width=\"1076\" height=\"600\" src=\"https:\/\/www.radici-genealogia.com\/wp-content\/uploads\/2025\/08\/img-diaspora-copiar.webp\" class=\"attachment-full size-full wp-image-683\" alt=\"\" srcset=\"https:\/\/www.radici-genealogia.com\/wp-content\/uploads\/2025\/08\/img-diaspora-copiar.webp 1076w, https:\/\/www.radici-genealogia.com\/wp-content\/uploads\/2025\/08\/img-diaspora-copiar-300x167.webp 300w, https:\/\/www.radici-genealogia.com\/wp-content\/uploads\/2025\/08\/img-diaspora-copiar-1024x571.webp 1024w, https:\/\/www.radici-genealogia.com\/wp-content\/uploads\/2025\/08\/img-diaspora-copiar-768x428.webp 768w\" sizes=\"(max-width: 1076px) 100vw, 1076px\" \/>\t\t\t\t\t\t\t\t\t\t\t\t\t\t\t<\/div>\n\t\t\t\t<div class=\"elementor-element elementor-element-059d007 elementor-widget__width-initial elementor-widget-tablet__width-inherit elementor-widget elementor-widget-image-box\" data-id=\"059d007\" data-element_type=\"widget\" data-e-type=\"widget\" data-widget_type=\"image-box.default\">\n\t\t\t\t\t<div class=\"elementor-image-box-wrapper\"><div class=\"elementor-image-box-content\"><h3 class=\"elementor-image-box-title\">La diaspora italiana \u00e8 un fenomeno di emigrazione su larga scala che si \u00e8 verificato tra il XIX e XX secolo, quando quasi 30 milioni di italiani hanno lasciato il paese.  <\/h3><p class=\"elementor-image-box-description\">L\u2019emigrazione \u00e8 stata provocata soprattutto da ragioni economiche: diverse carestie causate da eventi climatici; rivoluzione industriale che con la sovra produzione liber\u00f2 molti lavoratori; allo stesso tempo l\u2019aumento di richieste di lavoratori in altri Paesi. In misura minore,  altri emigrarono per ragioni politiche.<BR><BR>\n<span style=\"color:#BA440A\"><B>L\u2019emigrazione italiana all'estero si pu\u00f2 dividere in tre grandi fasi, di certo non esaustive:<\/B><\/span><\/p><\/div><\/div>\t\t\t\t<\/div>\n\t\t\t\t<div class=\"elementor-element elementor-element-88b58fe elementor-widget__width-initial elementor-widget-tablet__width-inherit elementor-widget elementor-widget-text-editor\" data-id=\"88b58fe\" data-element_type=\"widget\" data-e-type=\"widget\" data-widget_type=\"text-editor.default\">\n\t\t\t\t\t\t\t\t\t<p><span style=\"font-weight: 400;\"><strong>La grande emigrazione tra fine Ottocento e inizio Novecento<\/strong>, diretta in maggioranza verso l\u2019America, in particolare Stati Uniti, Argentina e Brasile. In una prima fase le regioni principalmente interessate erano quelle del nord, marginale era l\u2019emigrazione del mezzogiorno italiano.\u00a0 Il sorpasso avvenne intorno al 1900. Nella prima Argentina e Brasile furono le prime ad accogliere i nostri migranti, successivamente anche l\u2019America del Nord e diversi paesi del nord Europa.\u00a0 Oltre a rappresentare una \u201cfuga\u201d, scelta da chi decideva di emigrare soprattutto per motivi economici, l\u2019emigrazione fu anche incentivata finanziariamente\u00a0 oltre che politicamente attraverso accordi con i governi degli Stati di destinazione.\u00a0 Con il periodo Fascista si vide diminuire l\u2019emigrazione di massa.<\/span><\/p>\t\t\t\t\t\t\t\t<\/div>\n\t\t\t\t<div class=\"elementor-element elementor-element-ee3bc2d elementor-widget__width-initial elementor-widget-tablet__width-inherit elementor-widget elementor-widget-text-editor\" data-id=\"ee3bc2d\" data-element_type=\"widget\" data-e-type=\"widget\" data-widget_type=\"text-editor.default\">\n\t\t\t\t\t\t\t\t\t<p><span style=\"font-weight: 400;\"><strong>I flussi dopo la Seconda Guerra Mondiale<\/strong>, si sono indirizzati soprattutto verso i Paesi europei (come Germania, Belgio, Svizzera, Gran Bretagna e Francia) e in misura minore in America del nord e Australia. Origine dei migranti \u00e8 principalmente proveniente dal Mezzogiorno d\u2019Italia.\u00a0 Di questi solo una piccola fetta ha fatto rientro per rinuncia o difficolt\u00e0 varie, molti altri pur partendo con un progetto a \u201cbreve termine\u201d non hanno pi\u00f9 fatto ritorno pur mantenendo un legame fortissimo con la Madre Patria.<\/span><\/p>\t\t\t\t\t\t\t\t<\/div>\n\t\t\t\t<div class=\"elementor-element elementor-element-396fe4b elementor-widget__width-initial elementor-widget-tablet__width-inherit elementor-widget elementor-widget-text-editor\" data-id=\"396fe4b\" data-element_type=\"widget\" data-e-type=\"widget\" data-widget_type=\"text-editor.default\">\n\t\t\t\t\t\t\t\t\t<p><span style=\"font-weight: 400;\"><strong>Le migrazioni degli ultimi decenni<\/strong>, che interessano in maggioranza i giovani altamente qualificati e che continuano ancor oggi. Tale emigrazione \u00e8 pi\u00f9 giustificata da una volont\u00e0 di scoprire nuove realt\u00e0, ma anche causata da una disaffezione e delusione nei confronti della propria Patria perch\u00e9 non si sentono valorizzati<\/span><\/p>\t\t\t\t\t\t\t\t<\/div>\n\t\t\t\t<div class=\"elementor-element elementor-element-b37bf1e elementor-widget__width-initial elementor-widget-tablet__width-inherit elementor-widget elementor-widget-text-editor\" data-id=\"b37bf1e\" data-element_type=\"widget\" data-e-type=\"widget\" data-widget_type=\"text-editor.default\">\n\t\t\t\t\t\t\t\t\t<p><span style=\"font-weight: 400;\">Grazie ai flussi migratori passati, oggi l&#8217;Italia pu\u00f2 contare su una rete di oltre 80 milioni di persone di origine italiana profondamente radicata in diverse aree del mondo, nelle Americhe, ma anche in Europa e in Australia.<\/span><\/p><p><span style=\"font-weight: 400;\">La diaspora italiana ha contribuito a diffondere l&#8217;italianit\u00e0 all&#8217;estero. Infatti, gli emigranti italiani e i loro discendenti hanno profondamente contribuito a promuovere l&#8217;identit\u00e0 italiana in diversi Paesi e fungono da ponte tra l&#8217;Italia e il resto del mondo.<\/span><\/p>\t\t\t\t\t\t\t\t<\/div>\n\t\t\t\t\t<\/div>\n\t\t\t\t<\/div>\n\t\t\t\t<\/div>\n\t\t","protected":false},"excerpt":{"rendered":"<p>Diaspora \u2013 Storia La diaspora italiana \u00e8 un fenomeno di emigrazione su larga scala che si \u00e8 verificato tra il XIX e XX secolo, quando quasi 30 milioni di italiani hanno lasciato il paese. L\u2019emigrazione \u00e8 stata provocata soprattutto da ragioni economiche: diverse carestie causate da eventi climatici; rivoluzione industriale che con la sovra produzione [&hellip;]<\/p>\n","protected":false},"author":1,"featured_media":0,"parent":0,"menu_order":0,"comment_status":"closed","ping_status":"closed","template":"elementor_header_footer","meta":{"_seopress_titles_title":"","_seopress_titles_desc":"","_seopress_robots_index":"","_seopress_robots_follow":"","_seopress_robots_imageindex":"","_seopress_robots_snippet":"","_seopress_robots_primary_cat":"0","_seopress_robots_breadcrumbs":"","_seopress_robots_freeze_modified_date":"","_seopress_robots_custom_modified_date":"","_seopress_robots_canonical":"","_seopress_social_fb_title":"","_seopress_social_fb_desc":"","_seopress_social_fb_img":"","_seopress_social_fb_img_attachment_id":0,"_seopress_social_fb_img_width":0,"_seopress_social_fb_img_height":0,"_seopress_social_twitter_title":"","_seopress_social_twitter_desc":"","_seopress_social_twitter_img":"","_seopress_social_twitter_img_attachment_id":0,"_seopress_social_twitter_img_width":0,"_seopress_social_twitter_img_height":0,"_seopress_redirections_value":"","_seopress_redirections_enabled":"","_seopress_redirections_enabled_regex":"","_seopress_redirections_logged_status":"","_seopress_redirections_param":"","_seopress_redirections_type":0,"_seopress_analysis_target_kw":"","footnotes":""},"class_list":["post-418","page","type-page","status-publish","hentry"],"yoast_head":"<!-- This site is optimized with the Yoast SEO plugin v28.3 - https:\/\/yoast.com\/product\/yoast-seo-wordpress\/ -->\n<title>Diaspora - Storia - Radici - Genealogia<\/title>\n<meta name=\"robots\" content=\"index, follow, max-snippet:-1, max-image-preview:large, max-video-preview:-1\" \/>\n<link rel=\"canonical\" href=\"https:\/\/www.radici-genealogia.com\/home\/diaspora-storia\/\" \/>\n<meta property=\"og:locale\" content=\"it_IT\" \/>\n<meta property=\"og:type\" content=\"article\" \/>\n<meta property=\"og:title\" content=\"Diaspora - Storia - Radici - Genealogia\" \/>\n<meta property=\"og:description\" content=\"Diaspora \u2013 Storia La diaspora italiana \u00e8 un fenomeno di emigrazione su larga scala che si \u00e8 verificato tra il XIX e XX secolo, quando quasi 30 milioni di italiani hanno lasciato il paese. L\u2019emigrazione \u00e8 stata provocata soprattutto da ragioni economiche: diverse carestie causate da eventi climatici; rivoluzione industriale che con la sovra produzione [&hellip;]\" \/>\n<meta property=\"og:url\" content=\"https:\/\/www.radici-genealogia.com\/home\/diaspora-storia\/\" \/>\n<meta property=\"og:site_name\" content=\"Radici - Genealogia\" \/>\n<meta property=\"article:modified_time\" content=\"2025-08-08T13:17:34+00:00\" \/>\n<meta property=\"og:image\" content=\"https:\/\/www.radici-genealogia.com\/wp-content\/uploads\/2025\/08\/img-diaspora-copiar.webp\" \/>\n<meta name=\"twitter:card\" content=\"summary_large_image\" \/>\n<meta name=\"twitter:label1\" content=\"Tempo di lettura stimato\" \/>\n\t<meta name=\"twitter:data1\" content=\"2 minuti\" \/>\n<script type=\"application\/ld+json\" class=\"yoast-schema-graph\">{\"@context\":\"https:\\\/\\\/schema.org\",\"@graph\":[{\"@type\":\"WebPage\",\"@id\":\"https:\\\/\\\/www.radici-genealogia.com\\\/home\\\/diaspora-storia\\\/\",\"url\":\"https:\\\/\\\/www.radici-genealogia.com\\\/home\\\/diaspora-storia\\\/\",\"name\":\"Diaspora - Storia - Radici - Genealogia\",\"isPartOf\":{\"@id\":\"https:\\\/\\\/www.radici-genealogia.com\\\/home\\\/#website\"},\"primaryImageOfPage\":{\"@id\":\"https:\\\/\\\/www.radici-genealogia.com\\\/home\\\/diaspora-storia\\\/#primaryimage\"},\"image\":{\"@id\":\"https:\\\/\\\/www.radici-genealogia.com\\\/home\\\/diaspora-storia\\\/#primaryimage\"},\"thumbnailUrl\":\"https:\\\/\\\/www.radici-genealogia.com\\\/wp-content\\\/uploads\\\/2025\\\/08\\\/img-diaspora-copiar.webp\",\"datePublished\":\"2025-08-06T11:35:01+00:00\",\"dateModified\":\"2025-08-08T13:17:34+00:00\",\"breadcrumb\":{\"@id\":\"https:\\\/\\\/www.radici-genealogia.com\\\/home\\\/diaspora-storia\\\/#breadcrumb\"},\"inLanguage\":\"it-IT\",\"potentialAction\":[{\"@type\":\"ReadAction\",\"target\":[\"https:\\\/\\\/www.radici-genealogia.com\\\/home\\\/diaspora-storia\\\/\"]}]},{\"@type\":\"ImageObject\",\"inLanguage\":\"it-IT\",\"@id\":\"https:\\\/\\\/www.radici-genealogia.com\\\/home\\\/diaspora-storia\\\/#primaryimage\",\"url\":\"https:\\\/\\\/www.radici-genealogia.com\\\/wp-content\\\/uploads\\\/2025\\\/08\\\/img-diaspora-copiar.webp\",\"contentUrl\":\"https:\\\/\\\/www.radici-genealogia.com\\\/wp-content\\\/uploads\\\/2025\\\/08\\\/img-diaspora-copiar.webp\"},{\"@type\":\"BreadcrumbList\",\"@id\":\"https:\\\/\\\/www.radici-genealogia.com\\\/home\\\/diaspora-storia\\\/#breadcrumb\",\"itemListElement\":[{\"@type\":\"ListItem\",\"position\":1,\"name\":\"In\u00edcio\",\"item\":\"https:\\\/\\\/www.radici-genealogia.com\\\/home\\\/\"},{\"@type\":\"ListItem\",\"position\":2,\"name\":\"Diaspora &#8211; Storia\"}]},{\"@type\":\"WebSite\",\"@id\":\"https:\\\/\\\/www.radici-genealogia.com\\\/home\\\/#website\",\"url\":\"https:\\\/\\\/www.radici-genealogia.com\\\/home\\\/\",\"name\":\"Radice - Genealogia\",\"description\":\"Il tuo Passato determina il tuo Futuro\",\"publisher\":{\"@id\":\"https:\\\/\\\/www.radici-genealogia.com\\\/home\\\/#organization\"},\"potentialAction\":[{\"@type\":\"SearchAction\",\"target\":{\"@type\":\"EntryPoint\",\"urlTemplate\":\"https:\\\/\\\/www.radici-genealogia.com\\\/home\\\/?s={search_term_string}\"},\"query-input\":{\"@type\":\"PropertyValueSpecification\",\"valueRequired\":true,\"valueName\":\"search_term_string\"}}],\"inLanguage\":\"it-IT\"},{\"@type\":\"Organization\",\"@id\":\"https:\\\/\\\/www.radici-genealogia.com\\\/home\\\/#organization\",\"name\":\"Radice - Genealogia\",\"url\":\"https:\\\/\\\/www.radici-genealogia.com\\\/home\\\/\",\"logo\":{\"@type\":\"ImageObject\",\"inLanguage\":\"it-IT\",\"@id\":\"https:\\\/\\\/www.radici-genealogia.com\\\/home\\\/#\\\/schema\\\/logo\\\/image\\\/\",\"url\":\"https:\\\/\\\/www.radici-genealogia.com\\\/wp-content\\\/uploads\\\/2025\\\/08\\\/sito-LOGOFOOTER.png\",\"contentUrl\":\"https:\\\/\\\/www.radici-genealogia.com\\\/wp-content\\\/uploads\\\/2025\\\/08\\\/sito-LOGOFOOTER.png\",\"width\":188,\"height\":71,\"caption\":\"Radice - Genealogia\"},\"image\":{\"@id\":\"https:\\\/\\\/www.radici-genealogia.com\\\/home\\\/#\\\/schema\\\/logo\\\/image\\\/\"},\"sameAs\":[\"https:\\\/\\\/www.instagram.com\\\/_diego_luciano_\"]}]}<\/script>\n<!-- \/ Yoast SEO plugin. -->","yoast_head_json":{"title":"Diaspora - Storia - Radici - Genealogia","robots":{"index":"index","follow":"follow","max-snippet":"max-snippet:-1","max-image-preview":"max-image-preview:large","max-video-preview":"max-video-preview:-1"},"canonical":"https:\/\/www.radici-genealogia.com\/home\/diaspora-storia\/","og_locale":"it_IT","og_type":"article","og_title":"Diaspora - Storia - Radici - Genealogia","og_description":"Diaspora \u2013 Storia La diaspora italiana \u00e8 un fenomeno di emigrazione su larga scala che si \u00e8 verificato tra il XIX e XX secolo, quando quasi 30 milioni di italiani hanno lasciato il paese. L\u2019emigrazione \u00e8 stata provocata soprattutto da ragioni economiche: diverse carestie causate da eventi climatici; rivoluzione industriale che con la sovra produzione [&hellip;]","og_url":"https:\/\/www.radici-genealogia.com\/home\/diaspora-storia\/","og_site_name":"Radici - Genealogia","article_modified_time":"2025-08-08T13:17:34+00:00","og_image":[{"url":"https:\/\/www.radici-genealogia.com\/wp-content\/uploads\/2025\/08\/img-diaspora-copiar.webp","type":"","width":"","height":""}],"twitter_card":"summary_large_image","twitter_misc":{"Tempo di lettura stimato":"2 minuti"},"schema":{"@context":"https:\/\/schema.org","@graph":[{"@type":"WebPage","@id":"https:\/\/www.radici-genealogia.com\/home\/diaspora-storia\/","url":"https:\/\/www.radici-genealogia.com\/home\/diaspora-storia\/","name":"Diaspora - Storia - Radici - Genealogia","isPartOf":{"@id":"https:\/\/www.radici-genealogia.com\/home\/#website"},"primaryImageOfPage":{"@id":"https:\/\/www.radici-genealogia.com\/home\/diaspora-storia\/#primaryimage"},"image":{"@id":"https:\/\/www.radici-genealogia.com\/home\/diaspora-storia\/#primaryimage"},"thumbnailUrl":"https:\/\/www.radici-genealogia.com\/wp-content\/uploads\/2025\/08\/img-diaspora-copiar.webp","datePublished":"2025-08-06T11:35:01+00:00","dateModified":"2025-08-08T13:17:34+00:00","breadcrumb":{"@id":"https:\/\/www.radici-genealogia.com\/home\/diaspora-storia\/#breadcrumb"},"inLanguage":"it-IT","potentialAction":[{"@type":"ReadAction","target":["https:\/\/www.radici-genealogia.com\/home\/diaspora-storia\/"]}]},{"@type":"ImageObject","inLanguage":"it-IT","@id":"https:\/\/www.radici-genealogia.com\/home\/diaspora-storia\/#primaryimage","url":"https:\/\/www.radici-genealogia.com\/wp-content\/uploads\/2025\/08\/img-diaspora-copiar.webp","contentUrl":"https:\/\/www.radici-genealogia.com\/wp-content\/uploads\/2025\/08\/img-diaspora-copiar.webp"},{"@type":"BreadcrumbList","@id":"https:\/\/www.radici-genealogia.com\/home\/diaspora-storia\/#breadcrumb","itemListElement":[{"@type":"ListItem","position":1,"name":"In\u00edcio","item":"https:\/\/www.radici-genealogia.com\/home\/"},{"@type":"ListItem","position":2,"name":"Diaspora &#8211; Storia"}]},{"@type":"WebSite","@id":"https:\/\/www.radici-genealogia.com\/home\/#website","url":"https:\/\/www.radici-genealogia.com\/home\/","name":"Radice - Genealogia","description":"Il tuo Passato determina il tuo Futuro","publisher":{"@id":"https:\/\/www.radici-genealogia.com\/home\/#organization"},"potentialAction":[{"@type":"SearchAction","target":{"@type":"EntryPoint","urlTemplate":"https:\/\/www.radici-genealogia.com\/home\/?s={search_term_string}"},"query-input":{"@type":"PropertyValueSpecification","valueRequired":true,"valueName":"search_term_string"}}],"inLanguage":"it-IT"},{"@type":"Organization","@id":"https:\/\/www.radici-genealogia.com\/home\/#organization","name":"Radice - Genealogia","url":"https:\/\/www.radici-genealogia.com\/home\/","logo":{"@type":"ImageObject","inLanguage":"it-IT","@id":"https:\/\/www.radici-genealogia.com\/home\/#\/schema\/logo\/image\/","url":"https:\/\/www.radici-genealogia.com\/wp-content\/uploads\/2025\/08\/sito-LOGOFOOTER.png","contentUrl":"https:\/\/www.radici-genealogia.com\/wp-content\/uploads\/2025\/08\/sito-LOGOFOOTER.png","width":188,"height":71,"caption":"Radice - Genealogia"},"image":{"@id":"https:\/\/www.radici-genealogia.com\/home\/#\/schema\/logo\/image\/"},"sameAs":["https:\/\/www.instagram.com\/_diego_luciano_"]}]}},"_links":{"self":[{"href":"https:\/\/www.radici-genealogia.com\/home\/wp-json\/wp\/v2\/pages\/418","targetHints":{"allow":["GET"]}}],"collection":[{"href":"https:\/\/www.radici-genealogia.com\/home\/wp-json\/wp\/v2\/pages"}],"about":[{"href":"https:\/\/www.radici-genealogia.com\/home\/wp-json\/wp\/v2\/types\/page"}],"author":[{"embeddable":true,"href":"https:\/\/www.radici-genealogia.com\/home\/wp-json\/wp\/v2\/users\/1"}],"replies":[{"embeddable":true,"href":"https:\/\/www.radici-genealogia.com\/home\/wp-json\/wp\/v2\/comments?post=418"}],"version-history":[{"count":43,"href":"https:\/\/www.radici-genealogia.com\/home\/wp-json\/wp\/v2\/pages\/418\/revisions"}],"predecessor-version":[{"id":1155,"href":"https:\/\/www.radici-genealogia.com\/home\/wp-json\/wp\/v2\/pages\/418\/revisions\/1155"}],"wp:attachment":[{"href":"https:\/\/www.radici-genealogia.com\/home\/wp-json\/wp\/v2\/media?parent=418"}],"curies":[{"name":"wp","href":"https:\/\/api.w.org\/{rel}","templated":true}]}}