{"id":32,"date":"2025-08-04T13:15:45","date_gmt":"2025-08-04T11:15:45","guid":{"rendered":"https:\/\/www.radici-genealogia.com\/?page_id=32"},"modified":"2025-08-13T16:19:20","modified_gmt":"2025-08-13T14:19:20","slug":"chi-sono","status":"publish","type":"page","link":"https:\/\/www.radici-genealogia.com\/home\/chi-sono\/","title":{"rendered":"Chi sono"},"content":{"rendered":"\t\t<div data-elementor-type=\"wp-page\" data-elementor-id=\"32\" class=\"elementor elementor-32\" data-elementor-post-type=\"page\">\n\t\t\t\t<div class=\"elementor-element elementor-element-0a8d885 e-flex e-con-boxed e-con e-parent\" data-id=\"0a8d885\" data-element_type=\"container\" data-e-type=\"container\">\n\t\t\t\t\t<div class=\"e-con-inner\">\n\t\t\t\t<div class=\"elementor-element elementor-element-af33c67 elementor-widget elementor-widget-heading\" data-id=\"af33c67\" data-element_type=\"widget\" data-e-type=\"widget\" data-widget_type=\"heading.default\">\n\t\t\t\t\t<h2 class=\"elementor-heading-title elementor-size-default\">Chi sono<\/h2>\t\t\t\t<\/div>\n\t\t\t\t\t<\/div>\n\t\t\t\t<\/div>\n\t\t<div class=\"elementor-element elementor-element-dbaf35a e-flex e-con-boxed e-con e-parent\" data-id=\"dbaf35a\" data-element_type=\"container\" data-e-type=\"container\">\n\t\t\t\t\t<div class=\"e-con-inner\">\n\t\t\t\t<div class=\"elementor-element elementor-element-72dafd0 elementor-widget elementor-widget-image\" data-id=\"72dafd0\" data-element_type=\"widget\" data-e-type=\"widget\" data-widget_type=\"image.default\">\n\t\t\t\t\t\t\t\t\t\t\t\t\t\t\t<img alt=\"\" fetchpriority=\"high\" decoding=\"async\" width=\"500\" height=\"625\" src=\"https:\/\/www.radici-genealogia.com\/wp-content\/uploads\/2025\/08\/img-chi-sono-copiar.webp\" class=\"attachment-full size-full wp-image-488\" alt=\"\" srcset=\"https:\/\/www.radici-genealogia.com\/wp-content\/uploads\/2025\/08\/img-chi-sono-copiar.webp 500w, https:\/\/www.radici-genealogia.com\/wp-content\/uploads\/2025\/08\/img-chi-sono-copiar-240x300.webp 240w\" sizes=\"(max-width: 500px) 100vw, 500px\" \/>\t\t\t\t\t\t\t\t\t\t\t\t\t\t\t<\/div>\n\t\t\t\t<div class=\"elementor-element elementor-element-93188d7 elementor-widget__width-initial elementor-widget-tablet__width-inherit elementor-widget elementor-widget-text-editor\" data-id=\"93188d7\" data-element_type=\"widget\" data-e-type=\"widget\" data-widget_type=\"text-editor.default\">\n\t\t\t\t\t\t\t\t\t<p><span style=\"font-weight: 400;\">Mi chiamo Diego, ho quarantacinque anni, sono sposato e ho una formazione economica.<\/span><\/p><p><span style=\"font-weight: 400;\">Ho cominciato ad interessarmi di genealogia dieci anni fa, quando, casualmente, mia cognata mi chiedeva aiuto in suo progetto. All\u2019inizio non ero molto convinto perch\u00e9 pensavo fosse impegnativo e non avevo ancora idea di cosa si trattasse, ma alla fine ho accettato. Pensavo di essere di aiuto, ma poi \u00e8 diventata la mia passione.<\/span><\/p><p><span style=\"font-weight: 400;\">Da allora sono riuscito a ricostruire la genealogia di molte famiglie e a riscoprire le loro storie, i loro viaggi e le loro sofferenze, ma pi\u00f9 che altro ho riscoperto la storia dei miei antenati e del mio cognome.<\/span><\/p><p><span style=\"font-weight: 400;\">Da l\u00ec ho adottato il motto: Il tuo passato, si, determina il tuo futuro. Chi non conosce la storia della propria famiglia non pu\u00f2 capire chi \u00e8, ma soprattutto chi potr\u00e0 essere dopo tale riscoperta.<\/span><\/p><p><span style=\"font-weight: 400;\">Per capire meglio chi sono &#8230; parto dal presente. Sono sposato e vivo in provincia di Piacenza, nel nord d\u2019Italia. Mia moglie \u00e8 Italo-discendente, nata in Brasile, e le sue origini si perdono in un piccolo paesino del Lamentino. Abbiamo vissuto a Parma, ma ci siamo sposati in provincia di Mantova.<\/span><\/p>\t\t\t\t\t\t\t\t<\/div>\n\t\t\t\t\t<\/div>\n\t\t\t\t<\/div>\n\t\t<div class=\"elementor-element elementor-element-303c69a e-flex e-con-boxed e-con e-parent\" data-id=\"303c69a\" data-element_type=\"container\" data-e-type=\"container\">\n\t\t\t\t\t<div class=\"e-con-inner\">\n\t\t\t\t<div class=\"elementor-element elementor-element-d115901 elementor-widget__width-initial elementor-widget-tablet__width-inherit elementor-widget elementor-widget-text-editor\" data-id=\"d115901\" data-element_type=\"widget\" data-e-type=\"widget\" data-widget_type=\"text-editor.default\">\n\t\t\t\t\t\t\t\t\t<p><span style=\"font-weight: 400;\">Gi\u00e0 qui le cose sembrano un po\u2019 complesse, ma si complicano ancora.<\/span><\/p><p><span style=\"font-weight: 400;\">Ho vissuto anche alcuni anni a Roma. Sono nato e cresciuto in un paesino del Salento.<\/span><\/p><p><span style=\"font-weight: 400;\">I miei genitori, Rocco ed Elena, ai quali devo tutto, hanno vissuto una vita da emigrati. Sposati in Svizzera, lui italiano e lei spagnola.<\/span><\/p><p><span style=\"font-weight: 400;\">Beh immaginate a ricostruire la mia storia, come i milioni di possibili storie di emigrati italiani nel mondo.<\/span><\/p><p><span style=\"font-weight: 400;\">La passione mi spinge alla ricerca di tutti quei documenti che, ad uno sguardo superficiale, appaiono identici a milioni di altri, ma che collocati nella giusta prospettiva permettono di ricostruire pezzo dopo pezzo l\u2019orizzonte genealogico di una famiglia.<\/span><\/p><p><span style=\"font-weight: 400;\">Ogni ricerca \u00e8 unica per la sua storia, ma il fattore comune \u00e8 il legame alla famiglia, al territorio e alle tradizioni che pervadono il nostro essere. Le nostre Radici.<\/span><\/p><p><span style=\"font-weight: 400;\">Negli anni ho aiutato pi\u00f9 di<\/span><b> 2.000 famiglie<\/b><span style=\"font-weight: 400;\"> nella riscoperta delle loro origini.<\/span><\/p>\t\t\t\t\t\t\t\t<\/div>\n\t\t\t\t<div class=\"elementor-element elementor-element-ccee4f9 elementor-widget elementor-widget-image\" data-id=\"ccee4f9\" data-element_type=\"widget\" data-e-type=\"widget\" data-widget_type=\"image.default\">\n\t\t\t\t\t\t\t\t\t\t\t\t\t\t\t<img alt=\"\" decoding=\"async\" width=\"501\" height=\"615\" src=\"https:\/\/www.radici-genealogia.com\/wp-content\/uploads\/2025\/08\/img-2-luciano-copiar.webp\" class=\"attachment-full size-full wp-image-810\" alt=\"\" srcset=\"https:\/\/www.radici-genealogia.com\/wp-content\/uploads\/2025\/08\/img-2-luciano-copiar.webp 501w, https:\/\/www.radici-genealogia.com\/wp-content\/uploads\/2025\/08\/img-2-luciano-copiar-244x300.webp 244w\" sizes=\"(max-width: 501px) 100vw, 501px\" \/>\t\t\t\t\t\t\t\t\t\t\t\t\t\t\t<\/div>\n\t\t\t\t\t<\/div>\n\t\t\t\t<\/div>\n\t\t<div class=\"elementor-element elementor-element-79ed8a9 e-flex e-con-boxed e-con e-parent\" data-id=\"79ed8a9\" data-element_type=\"container\" data-e-type=\"container\">\n\t\t\t\t\t<div class=\"e-con-inner\">\n\t\t\t\t<div class=\"elementor-element elementor-element-ea4ac5c elementor-widget-mobile__width-initial elementor-widget elementor-widget-image\" data-id=\"ea4ac5c\" data-element_type=\"widget\" data-e-type=\"widget\" data-widget_type=\"image.default\">\n\t\t\t\t\t\t\t\t\t\t\t\t\t\t\t<img alt=\"\" decoding=\"async\" width=\"546\" height=\"368\" src=\"https:\/\/www.radici-genealogia.com\/wp-content\/uploads\/2025\/08\/img-3-luciano-copiar.webp\" class=\"attachment-full size-full wp-image-811\" alt=\"\" srcset=\"https:\/\/www.radici-genealogia.com\/wp-content\/uploads\/2025\/08\/img-3-luciano-copiar.webp 546w, https:\/\/www.radici-genealogia.com\/wp-content\/uploads\/2025\/08\/img-3-luciano-copiar-300x202.webp 300w\" sizes=\"(max-width: 546px) 100vw, 546px\" \/>\t\t\t\t\t\t\t\t\t\t\t\t\t\t\t<\/div>\n\t\t<div class=\"elementor-element elementor-element-7173889 e-con-full e-flex e-con e-child\" data-id=\"7173889\" data-element_type=\"container\" data-e-type=\"container\">\n\t\t\t\t<div class=\"elementor-element elementor-element-4731618 elementor-widget elementor-widget-image-box\" data-id=\"4731618\" data-element_type=\"widget\" data-e-type=\"widget\" data-widget_type=\"image-box.default\">\n\t\t\t\t\t<div class=\"elementor-image-box-wrapper\"><div class=\"elementor-image-box-content\"><h3 class=\"elementor-image-box-title\">Come lavoro<\/h3><p class=\"elementor-image-box-description\">Elenco dei passi da compiere:<\/p><\/div><\/div>\t\t\t\t<\/div>\n\t\t\t\t<div class=\"elementor-element elementor-element-2a99304 elementor-align-start elementor-icon-list--layout-traditional elementor-list-item-link-full_width elementor-widget elementor-widget-icon-list\" data-id=\"2a99304\" data-element_type=\"widget\" data-e-type=\"widget\" data-widget_type=\"icon-list.default\">\n\t\t\t\t\t\t\t<ul class=\"elementor-icon-list-items\">\n\t\t\t\t\t\t\t<li class=\"elementor-icon-list-item\">\n\t\t\t\t\t\t\t\t\t\t\t<span class=\"elementor-icon-list-icon\">\n\t\t\t\t\t\t\t<svg xmlns=\"http:\/\/www.w3.org\/2000\/svg\" width=\"16\" height=\"15\" viewBox=\"0 0 16 15\" fill=\"none\"><circle cx=\"8.10645\" cy=\"7.52637\" r=\"7.47266\" fill=\"white\"><\/circle><path fill-rule=\"evenodd\" clip-rule=\"evenodd\" d=\"M8.10669 14.9695C9.08413 14.9695 10.052 14.777 10.955 14.4029C11.8581 14.0289 12.6786 13.4806 13.3698 12.7894C14.0609 12.0983 14.6092 11.2778 14.9832 10.3747C15.3573 9.47168 15.5498 8.50381 15.5498 7.52637C15.5498 6.54892 15.3573 5.58105 14.9832 4.67801C14.6092 3.77497 14.0609 2.95445 13.3698 2.26329C12.6786 1.57213 11.8581 1.02388 10.955 0.649825C10.052 0.275774 9.08413 0.0832519 8.10669 0.083252C6.13265 0.083252 4.23947 0.867435 2.84361 2.26329C1.44776 3.65914 0.663574 5.55233 0.663574 7.52637C0.663574 9.5004 1.44776 11.3936 2.84361 12.7894C4.23947 14.1853 6.13265 14.9695 8.10669 14.9695ZM7.91482 10.5367L12.0499 5.57462L10.7796 4.51604L7.22344 8.7826L5.38334 6.94167L4.21394 8.11106L6.69498 10.5921L7.33509 11.2322L7.91482 10.5367Z\" fill=\"#146B62\"><\/path><\/svg>\t\t\t\t\t\t<\/span>\n\t\t\t\t\t\t\t\t\t\t<span class=\"elementor-icon-list-text\">Primo contatto per capire le esigenze e quale \u00e8 l\u2019obiettivo;<\/span>\n\t\t\t\t\t\t\t\t\t<\/li>\n\t\t\t\t\t\t\t\t<li class=\"elementor-icon-list-item\">\n\t\t\t\t\t\t\t\t\t\t\t<span class=\"elementor-icon-list-icon\">\n\t\t\t\t\t\t\t<svg xmlns=\"http:\/\/www.w3.org\/2000\/svg\" width=\"16\" height=\"15\" viewBox=\"0 0 16 15\" fill=\"none\"><circle cx=\"8.10645\" cy=\"7.52637\" r=\"7.47266\" fill=\"white\"><\/circle><path fill-rule=\"evenodd\" clip-rule=\"evenodd\" d=\"M8.10669 14.9695C9.08413 14.9695 10.052 14.777 10.955 14.4029C11.8581 14.0289 12.6786 13.4806 13.3698 12.7894C14.0609 12.0983 14.6092 11.2778 14.9832 10.3747C15.3573 9.47168 15.5498 8.50381 15.5498 7.52637C15.5498 6.54892 15.3573 5.58105 14.9832 4.67801C14.6092 3.77497 14.0609 2.95445 13.3698 2.26329C12.6786 1.57213 11.8581 1.02388 10.955 0.649825C10.052 0.275774 9.08413 0.0832519 8.10669 0.083252C6.13265 0.083252 4.23947 0.867435 2.84361 2.26329C1.44776 3.65914 0.663574 5.55233 0.663574 7.52637C0.663574 9.5004 1.44776 11.3936 2.84361 12.7894C4.23947 14.1853 6.13265 14.9695 8.10669 14.9695ZM7.91482 10.5367L12.0499 5.57462L10.7796 4.51604L7.22344 8.7826L5.38334 6.94167L4.21394 8.11106L6.69498 10.5921L7.33509 11.2322L7.91482 10.5367Z\" fill=\"#146B62\"><\/path><\/svg>\t\t\t\t\t\t<\/span>\n\t\t\t\t\t\t\t\t\t\t<span class=\"elementor-icon-list-text\">Analisi del caso per valutare quale sia il percorso migliore;<\/span>\n\t\t\t\t\t\t\t\t\t<\/li>\n\t\t\t\t\t\t\t\t<li class=\"elementor-icon-list-item\">\n\t\t\t\t\t\t\t\t\t\t\t<span class=\"elementor-icon-list-icon\">\n\t\t\t\t\t\t\t<svg xmlns=\"http:\/\/www.w3.org\/2000\/svg\" width=\"16\" height=\"15\" viewBox=\"0 0 16 15\" fill=\"none\"><circle cx=\"8.10645\" cy=\"7.52637\" r=\"7.47266\" fill=\"white\"><\/circle><path fill-rule=\"evenodd\" clip-rule=\"evenodd\" d=\"M8.10669 14.9695C9.08413 14.9695 10.052 14.777 10.955 14.4029C11.8581 14.0289 12.6786 13.4806 13.3698 12.7894C14.0609 12.0983 14.6092 11.2778 14.9832 10.3747C15.3573 9.47168 15.5498 8.50381 15.5498 7.52637C15.5498 6.54892 15.3573 5.58105 14.9832 4.67801C14.6092 3.77497 14.0609 2.95445 13.3698 2.26329C12.6786 1.57213 11.8581 1.02388 10.955 0.649825C10.052 0.275774 9.08413 0.0832519 8.10669 0.083252C6.13265 0.083252 4.23947 0.867435 2.84361 2.26329C1.44776 3.65914 0.663574 5.55233 0.663574 7.52637C0.663574 9.5004 1.44776 11.3936 2.84361 12.7894C4.23947 14.1853 6.13265 14.9695 8.10669 14.9695ZM7.91482 10.5367L12.0499 5.57462L10.7796 4.51604L7.22344 8.7826L5.38334 6.94167L4.21394 8.11106L6.69498 10.5921L7.33509 11.2322L7.91482 10.5367Z\" fill=\"#146B62\"><\/path><\/svg>\t\t\t\t\t\t<\/span>\n\t\t\t\t\t\t\t\t\t\t<span class=\"elementor-icon-list-text\"> Stabilire regole semplici e chiare per avviare il percorso;<\/span>\n\t\t\t\t\t\t\t\t\t<\/li>\n\t\t\t\t\t\t\t\t<li class=\"elementor-icon-list-item\">\n\t\t\t\t\t\t\t\t\t\t\t<span class=\"elementor-icon-list-icon\">\n\t\t\t\t\t\t\t<svg xmlns=\"http:\/\/www.w3.org\/2000\/svg\" width=\"16\" height=\"15\" viewBox=\"0 0 16 15\" fill=\"none\"><circle cx=\"8.10645\" cy=\"7.52637\" r=\"7.47266\" fill=\"white\"><\/circle><path fill-rule=\"evenodd\" clip-rule=\"evenodd\" d=\"M8.10669 14.9695C9.08413 14.9695 10.052 14.777 10.955 14.4029C11.8581 14.0289 12.6786 13.4806 13.3698 12.7894C14.0609 12.0983 14.6092 11.2778 14.9832 10.3747C15.3573 9.47168 15.5498 8.50381 15.5498 7.52637C15.5498 6.54892 15.3573 5.58105 14.9832 4.67801C14.6092 3.77497 14.0609 2.95445 13.3698 2.26329C12.6786 1.57213 11.8581 1.02388 10.955 0.649825C10.052 0.275774 9.08413 0.0832519 8.10669 0.083252C6.13265 0.083252 4.23947 0.867435 2.84361 2.26329C1.44776 3.65914 0.663574 5.55233 0.663574 7.52637C0.663574 9.5004 1.44776 11.3936 2.84361 12.7894C4.23947 14.1853 6.13265 14.9695 8.10669 14.9695ZM7.91482 10.5367L12.0499 5.57462L10.7796 4.51604L7.22344 8.7826L5.38334 6.94167L4.21394 8.11106L6.69498 10.5921L7.33509 11.2322L7.91482 10.5367Z\" fill=\"#146B62\"><\/path><\/svg>\t\t\t\t\t\t<\/span>\n\t\t\t\t\t\t\t\t\t\t<span class=\"elementor-icon-list-text\">Accordo economico per i servizi richiesti;<\/span>\n\t\t\t\t\t\t\t\t\t<\/li>\n\t\t\t\t\t\t<\/ul>\n\t\t\t\t\t\t<\/div>\n\t\t\t\t<\/div>\n\t\t\t\t\t<\/div>\n\t\t\t\t<\/div>\n\t\t<div class=\"elementor-element elementor-element-ec32cfa e-flex e-con-boxed e-con e-parent\" data-id=\"ec32cfa\" data-element_type=\"container\" data-e-type=\"container\" data-settings=\"{&quot;background_background&quot;:&quot;classic&quot;}\">\n\t\t\t\t\t<div class=\"e-con-inner\">\n\t\t<div class=\"elementor-element elementor-element-7c95d2d e-con-full e-flex e-con e-child\" data-id=\"7c95d2d\" data-element_type=\"container\" data-e-type=\"container\">\n\t\t\t\t<div class=\"elementor-element elementor-element-ffac0cd elementor-widget__width-initial elementor-position-top elementor-widget elementor-widget-image-box\" data-id=\"ffac0cd\" data-element_type=\"widget\" data-e-type=\"widget\" data-widget_type=\"image-box.default\">\n\t\t\t\t\t<div class=\"elementor-image-box-wrapper\"><figure class=\"elementor-image-box-img\"><img alt=\"\" decoding=\"async\" src=\"https:\/\/www.radici-genealogia.com\/wp-content\/uploads\/2025\/08\/svg-form.svg\" class=\"attachment-full size-full wp-image-493\" alt=\"\" \/><\/figure><div class=\"elementor-image-box-content\"><h3 class=\"elementor-image-box-title\">Restiamo in contatto!<\/h3><p class=\"elementor-image-box-description\">Hai domande sui nostri servizi genealogici? Vuoi iniziare la tua ricerca o ricevere informazioni personalizzate?<\/p><\/div><\/div>\t\t\t\t<\/div>\n\t\t\t\t<\/div>\n\t\t<div class=\"elementor-element elementor-element-41ca398 e-con-full e-flex e-con e-child\" data-id=\"41ca398\" data-element_type=\"container\" data-e-type=\"container\" data-settings=\"{&quot;background_background&quot;:&quot;classic&quot;}\">\n\t\t\t\t<div class=\"elementor-element elementor-element-e9a98ca elementor-widget__width-initial elementor-widget elementor-widget-heading\" data-id=\"e9a98ca\" data-element_type=\"widget\" data-e-type=\"widget\" data-widget_type=\"heading.default\">\n\t\t\t\t\t<h2 class=\"elementor-heading-title elementor-size-default\"><span style=\"color:#E44B00\"><b>Compila il modulo:<\/b><\/span><BR> ti risponderemo al pi\u00f9 presto!<\/h2>\t\t\t\t<\/div>\n\t\t\t\t<div class=\"elementor-element elementor-element-b0e3a11 elementor-button-align-stretch elementor-widget elementor-widget-form\" data-id=\"b0e3a11\" data-element_type=\"widget\" data-e-type=\"widget\" data-settings=\"{&quot;step_next_label&quot;:&quot;Pr\\u00f3ximo&quot;,&quot;step_previous_label&quot;:&quot;Anterior&quot;,&quot;button_width&quot;:&quot;100&quot;,&quot;step_type&quot;:&quot;number_text&quot;,&quot;step_icon_shape&quot;:&quot;circle&quot;}\" data-widget_type=\"form.default\">\n\t\t\t\t\t\t\t<form class=\"elementor-form\" method=\"post\" name=\"Novo formul\u00e1rio\" aria-label=\"Novo formul\u00e1rio\" novalidate=\"\">\n\t\t\t<input type=\"hidden\" name=\"post_id\" value=\"32\"\/>\n\t\t\t<input type=\"hidden\" name=\"form_id\" value=\"b0e3a11\"\/>\n\t\t\t<input type=\"hidden\" name=\"referer_title\" value=\"Radici &#8211; Genealogia\" \/>\n\n\t\t\t\n\t\t\t<div class=\"elementor-form-fields-wrapper elementor-labels-above\">\n\t\t\t\t\t\t\t\t<div class=\"elementor-field-type-text elementor-field-group elementor-column elementor-field-group-name elementor-col-100\">\n\t\t\t\t\t\t\t\t\t\t\t\t\t<input size=\"1\" type=\"text\" name=\"form_fields[name]\" id=\"form-field-name\" class=\"elementor-field elementor-size-md  elementor-field-textual\" placeholder=\"Nome\">\n\t\t\t\t\t\t\t\t\t\t\t<\/div>\n\t\t\t\t\t\t\t\t<div class=\"elementor-field-type-email elementor-field-group elementor-column elementor-field-group-email elementor-col-100 elementor-field-required\">\n\t\t\t\t\t\t\t\t\t\t\t\t\t<input size=\"1\" type=\"email\" name=\"form_fields[email]\" id=\"form-field-email\" class=\"elementor-field elementor-size-md  elementor-field-textual\" placeholder=\"Email\" required=\"required\">\n\t\t\t\t\t\t\t\t\t\t\t<\/div>\n\t\t\t\t\t\t\t\t<div class=\"elementor-field-type-tel elementor-field-group elementor-column elementor-field-group-field_40ad1fd elementor-col-100 elementor-field-required\">\n\t\t\t\t\t\t\t<input size=\"1\" type=\"tel\" name=\"form_fields[field_40ad1fd]\" id=\"form-field-field_40ad1fd\" class=\"elementor-field elementor-size-md  elementor-field-textual\" placeholder=\"Telefono\/WhatsApp\" required=\"required\" pattern=\"[0-9()#&amp;+*-=.]+\" title=\"Sono accettati solo numeri e caratteri telefonici (#, -, *, ecc.).\">\n\n\t\t\t\t\t\t<\/div>\n\t\t\t\t\t\t\t\t<div class=\"elementor-field-type-textarea elementor-field-group elementor-column elementor-field-group-field_5ac563e elementor-col-100\">\n\t\t\t\t\t<textarea class=\"elementor-field-textual elementor-field  elementor-size-md\" name=\"form_fields[field_5ac563e]\" id=\"form-field-field_5ac563e\" rows=\"4\" placeholder=\"Scrivi il tuo messaggio\"><\/textarea>\t\t\t\t<\/div>\n\t\t\t\t\t\t\t\t<div class=\"elementor-field-type-checkbox elementor-field-group elementor-column elementor-field-group-field_c2837dc elementor-col-100\">\n\t\t\t\t\t\t\t\t\t\t\t\t<label for=\"form-field-field_c2837dc\" class=\"elementor-field-label\">\n\t\t\t\t\t\t\t\t<b>Letta la Privacy Policy di questo sito:<\/b>\t\t\t\t\t\t\t<\/label>\n\t\t\t\t\t\t<div class=\"elementor-field-subgroup  \"><span class=\"elementor-field-option\"><input type=\"checkbox\" value=\"Do il consenso al trattamento dei miei dati e voglio iscrivermi alla newsletter*\" id=\"form-field-field_c2837dc-0\" name=\"form_fields[field_c2837dc]\"> <label for=\"form-field-field_c2837dc-0\">Do il consenso al trattamento dei miei dati e voglio iscrivermi alla newsletter*<\/label><\/span><\/div>\t\t\t\t<\/div>\n\t\t\t\t\t\t\t\t<div class=\"elementor-field-group elementor-column elementor-field-type-submit elementor-col-100 e-form__buttons\">\n\t\t\t\t\t<button class=\"elementor-button elementor-size-sm\" type=\"submit\">\n\t\t\t\t\t\t<span class=\"elementor-button-content-wrapper\">\n\t\t\t\t\t\t\t\t\t\t\t\t\t\t\t\t\t\t\t\t\t\t<span class=\"elementor-button-text\">Invia<\/span>\n\t\t\t\t\t\t\t\t\t\t\t\t\t<\/span>\n\t\t\t\t\t<\/button>\n\t\t\t\t<\/div>\n\t\t\t<\/div>\n\t\t<\/form>\n\t\t\t\t\t\t<\/div>\n\t\t\t\t<\/div>\n\t\t\t\t\t<\/div>\n\t\t\t\t<\/div>\n\t\t\t\t<\/div>\n\t\t","protected":false},"excerpt":{"rendered":"<p>Chi sono Mi chiamo Diego, ho quarantacinque anni, sono sposato e ho una formazione economica. Ho cominciato ad interessarmi di genealogia dieci anni fa, quando, casualmente, mia cognata mi chiedeva aiuto in suo progetto. All\u2019inizio non ero molto convinto perch\u00e9 pensavo fosse impegnativo e non avevo ancora idea di cosa si trattasse, ma alla fine [&hellip;]<\/p>\n","protected":false},"author":1,"featured_media":0,"parent":0,"menu_order":0,"comment_status":"closed","ping_status":"closed","template":"elementor_header_footer","meta":{"_seopress_titles_title":"","_seopress_titles_desc":"","_seopress_robots_index":"","_seopress_robots_follow":"","_seopress_robots_imageindex":"","_seopress_robots_snippet":"","_seopress_robots_primary_cat":"0","_seopress_robots_breadcrumbs":"","_seopress_robots_freeze_modified_date":"","_seopress_robots_custom_modified_date":"","_seopress_robots_canonical":"","_seopress_social_fb_title":"","_seopress_social_fb_desc":"","_seopress_social_fb_img":"","_seopress_social_fb_img_attachment_id":0,"_seopress_social_fb_img_width":0,"_seopress_social_fb_img_height":0,"_seopress_social_twitter_title":"","_seopress_social_twitter_desc":"","_seopress_social_twitter_img":"","_seopress_social_twitter_img_attachment_id":0,"_seopress_social_twitter_img_width":0,"_seopress_social_twitter_img_height":0,"_seopress_redirections_value":"","_seopress_redirections_enabled":"","_seopress_redirections_enabled_regex":"","_seopress_redirections_logged_status":"","_seopress_redirections_param":"","_seopress_redirections_type":0,"_seopress_analysis_target_kw":"","footnotes":""},"class_list":["post-32","page","type-page","status-publish","hentry"],"yoast_head":"<!-- This site is optimized with the Yoast SEO plugin v28.3 - https:\/\/yoast.com\/product\/yoast-seo-wordpress\/ -->\n<title>Chi sono - Radici - Genealogia<\/title>\n<meta name=\"robots\" content=\"index, follow, max-snippet:-1, max-image-preview:large, max-video-preview:-1\" \/>\n<link rel=\"canonical\" href=\"https:\/\/www.radici-genealogia.com\/home\/chi-sono\/\" \/>\n<meta property=\"og:locale\" content=\"it_IT\" \/>\n<meta property=\"og:type\" content=\"article\" \/>\n<meta property=\"og:title\" content=\"Chi sono - Radici - Genealogia\" \/>\n<meta property=\"og:description\" content=\"Chi sono Mi chiamo Diego, ho quarantacinque anni, sono sposato e ho una formazione economica. Ho cominciato ad interessarmi di genealogia dieci anni fa, quando, casualmente, mia cognata mi chiedeva aiuto in suo progetto. All\u2019inizio non ero molto convinto perch\u00e9 pensavo fosse impegnativo e non avevo ancora idea di cosa si trattasse, ma alla fine [&hellip;]\" \/>\n<meta property=\"og:url\" content=\"https:\/\/www.radici-genealogia.com\/home\/chi-sono\/\" \/>\n<meta property=\"og:site_name\" content=\"Radici - Genealogia\" \/>\n<meta property=\"article:modified_time\" content=\"2025-08-13T14:19:20+00:00\" \/>\n<meta property=\"og:image\" content=\"https:\/\/www.radici-genealogia.com\/wp-content\/uploads\/2025\/08\/img-chi-sono-copiar.webp\" \/>\n<meta name=\"twitter:card\" content=\"summary_large_image\" \/>\n<meta name=\"twitter:label1\" content=\"Tempo di lettura stimato\" \/>\n\t<meta name=\"twitter:data1\" content=\"3 minuti\" \/>\n<script type=\"application\/ld+json\" class=\"yoast-schema-graph\">{\"@context\":\"https:\\\/\\\/schema.org\",\"@graph\":[{\"@type\":\"WebPage\",\"@id\":\"https:\\\/\\\/www.radici-genealogia.com\\\/home\\\/chi-sono\\\/\",\"url\":\"https:\\\/\\\/www.radici-genealogia.com\\\/home\\\/chi-sono\\\/\",\"name\":\"Chi sono - Radici - Genealogia\",\"isPartOf\":{\"@id\":\"https:\\\/\\\/www.radici-genealogia.com\\\/home\\\/#website\"},\"primaryImageOfPage\":{\"@id\":\"https:\\\/\\\/www.radici-genealogia.com\\\/home\\\/chi-sono\\\/#primaryimage\"},\"image\":{\"@id\":\"https:\\\/\\\/www.radici-genealogia.com\\\/home\\\/chi-sono\\\/#primaryimage\"},\"thumbnailUrl\":\"https:\\\/\\\/www.radici-genealogia.com\\\/wp-content\\\/uploads\\\/2025\\\/08\\\/img-chi-sono-copiar.webp\",\"datePublished\":\"2025-08-04T11:15:45+00:00\",\"dateModified\":\"2025-08-13T14:19:20+00:00\",\"breadcrumb\":{\"@id\":\"https:\\\/\\\/www.radici-genealogia.com\\\/home\\\/chi-sono\\\/#breadcrumb\"},\"inLanguage\":\"it-IT\",\"potentialAction\":[{\"@type\":\"ReadAction\",\"target\":[\"https:\\\/\\\/www.radici-genealogia.com\\\/home\\\/chi-sono\\\/\"]}]},{\"@type\":\"ImageObject\",\"inLanguage\":\"it-IT\",\"@id\":\"https:\\\/\\\/www.radici-genealogia.com\\\/home\\\/chi-sono\\\/#primaryimage\",\"url\":\"https:\\\/\\\/www.radici-genealogia.com\\\/wp-content\\\/uploads\\\/2025\\\/08\\\/img-chi-sono-copiar.webp\",\"contentUrl\":\"https:\\\/\\\/www.radici-genealogia.com\\\/wp-content\\\/uploads\\\/2025\\\/08\\\/img-chi-sono-copiar.webp\"},{\"@type\":\"BreadcrumbList\",\"@id\":\"https:\\\/\\\/www.radici-genealogia.com\\\/home\\\/chi-sono\\\/#breadcrumb\",\"itemListElement\":[{\"@type\":\"ListItem\",\"position\":1,\"name\":\"In\u00edcio\",\"item\":\"https:\\\/\\\/www.radici-genealogia.com\\\/home\\\/\"},{\"@type\":\"ListItem\",\"position\":2,\"name\":\"Chi sono\"}]},{\"@type\":\"WebSite\",\"@id\":\"https:\\\/\\\/www.radici-genealogia.com\\\/home\\\/#website\",\"url\":\"https:\\\/\\\/www.radici-genealogia.com\\\/home\\\/\",\"name\":\"Radice - Genealogia\",\"description\":\"Il tuo Passato determina il tuo Futuro\",\"publisher\":{\"@id\":\"https:\\\/\\\/www.radici-genealogia.com\\\/home\\\/#organization\"},\"potentialAction\":[{\"@type\":\"SearchAction\",\"target\":{\"@type\":\"EntryPoint\",\"urlTemplate\":\"https:\\\/\\\/www.radici-genealogia.com\\\/home\\\/?s={search_term_string}\"},\"query-input\":{\"@type\":\"PropertyValueSpecification\",\"valueRequired\":true,\"valueName\":\"search_term_string\"}}],\"inLanguage\":\"it-IT\"},{\"@type\":\"Organization\",\"@id\":\"https:\\\/\\\/www.radici-genealogia.com\\\/home\\\/#organization\",\"name\":\"Radice - Genealogia\",\"url\":\"https:\\\/\\\/www.radici-genealogia.com\\\/home\\\/\",\"logo\":{\"@type\":\"ImageObject\",\"inLanguage\":\"it-IT\",\"@id\":\"https:\\\/\\\/www.radici-genealogia.com\\\/home\\\/#\\\/schema\\\/logo\\\/image\\\/\",\"url\":\"https:\\\/\\\/www.radici-genealogia.com\\\/wp-content\\\/uploads\\\/2025\\\/08\\\/sito-LOGOFOOTER.png\",\"contentUrl\":\"https:\\\/\\\/www.radici-genealogia.com\\\/wp-content\\\/uploads\\\/2025\\\/08\\\/sito-LOGOFOOTER.png\",\"width\":188,\"height\":71,\"caption\":\"Radice - Genealogia\"},\"image\":{\"@id\":\"https:\\\/\\\/www.radici-genealogia.com\\\/home\\\/#\\\/schema\\\/logo\\\/image\\\/\"},\"sameAs\":[\"https:\\\/\\\/www.instagram.com\\\/_diego_luciano_\"]}]}<\/script>\n<!-- \/ Yoast SEO plugin. -->","yoast_head_json":{"title":"Chi sono - Radici - Genealogia","robots":{"index":"index","follow":"follow","max-snippet":"max-snippet:-1","max-image-preview":"max-image-preview:large","max-video-preview":"max-video-preview:-1"},"canonical":"https:\/\/www.radici-genealogia.com\/home\/chi-sono\/","og_locale":"it_IT","og_type":"article","og_title":"Chi sono - Radici - Genealogia","og_description":"Chi sono Mi chiamo Diego, ho quarantacinque anni, sono sposato e ho una formazione economica. Ho cominciato ad interessarmi di genealogia dieci anni fa, quando, casualmente, mia cognata mi chiedeva aiuto in suo progetto. All\u2019inizio non ero molto convinto perch\u00e9 pensavo fosse impegnativo e non avevo ancora idea di cosa si trattasse, ma alla fine [&hellip;]","og_url":"https:\/\/www.radici-genealogia.com\/home\/chi-sono\/","og_site_name":"Radici - Genealogia","article_modified_time":"2025-08-13T14:19:20+00:00","og_image":[{"url":"https:\/\/www.radici-genealogia.com\/wp-content\/uploads\/2025\/08\/img-chi-sono-copiar.webp","type":"","width":"","height":""}],"twitter_card":"summary_large_image","twitter_misc":{"Tempo di lettura stimato":"3 minuti"},"schema":{"@context":"https:\/\/schema.org","@graph":[{"@type":"WebPage","@id":"https:\/\/www.radici-genealogia.com\/home\/chi-sono\/","url":"https:\/\/www.radici-genealogia.com\/home\/chi-sono\/","name":"Chi sono - Radici - Genealogia","isPartOf":{"@id":"https:\/\/www.radici-genealogia.com\/home\/#website"},"primaryImageOfPage":{"@id":"https:\/\/www.radici-genealogia.com\/home\/chi-sono\/#primaryimage"},"image":{"@id":"https:\/\/www.radici-genealogia.com\/home\/chi-sono\/#primaryimage"},"thumbnailUrl":"https:\/\/www.radici-genealogia.com\/wp-content\/uploads\/2025\/08\/img-chi-sono-copiar.webp","datePublished":"2025-08-04T11:15:45+00:00","dateModified":"2025-08-13T14:19:20+00:00","breadcrumb":{"@id":"https:\/\/www.radici-genealogia.com\/home\/chi-sono\/#breadcrumb"},"inLanguage":"it-IT","potentialAction":[{"@type":"ReadAction","target":["https:\/\/www.radici-genealogia.com\/home\/chi-sono\/"]}]},{"@type":"ImageObject","inLanguage":"it-IT","@id":"https:\/\/www.radici-genealogia.com\/home\/chi-sono\/#primaryimage","url":"https:\/\/www.radici-genealogia.com\/wp-content\/uploads\/2025\/08\/img-chi-sono-copiar.webp","contentUrl":"https:\/\/www.radici-genealogia.com\/wp-content\/uploads\/2025\/08\/img-chi-sono-copiar.webp"},{"@type":"BreadcrumbList","@id":"https:\/\/www.radici-genealogia.com\/home\/chi-sono\/#breadcrumb","itemListElement":[{"@type":"ListItem","position":1,"name":"In\u00edcio","item":"https:\/\/www.radici-genealogia.com\/home\/"},{"@type":"ListItem","position":2,"name":"Chi sono"}]},{"@type":"WebSite","@id":"https:\/\/www.radici-genealogia.com\/home\/#website","url":"https:\/\/www.radici-genealogia.com\/home\/","name":"Radice - Genealogia","description":"Il tuo Passato determina il tuo Futuro","publisher":{"@id":"https:\/\/www.radici-genealogia.com\/home\/#organization"},"potentialAction":[{"@type":"SearchAction","target":{"@type":"EntryPoint","urlTemplate":"https:\/\/www.radici-genealogia.com\/home\/?s={search_term_string}"},"query-input":{"@type":"PropertyValueSpecification","valueRequired":true,"valueName":"search_term_string"}}],"inLanguage":"it-IT"},{"@type":"Organization","@id":"https:\/\/www.radici-genealogia.com\/home\/#organization","name":"Radice - Genealogia","url":"https:\/\/www.radici-genealogia.com\/home\/","logo":{"@type":"ImageObject","inLanguage":"it-IT","@id":"https:\/\/www.radici-genealogia.com\/home\/#\/schema\/logo\/image\/","url":"https:\/\/www.radici-genealogia.com\/wp-content\/uploads\/2025\/08\/sito-LOGOFOOTER.png","contentUrl":"https:\/\/www.radici-genealogia.com\/wp-content\/uploads\/2025\/08\/sito-LOGOFOOTER.png","width":188,"height":71,"caption":"Radice - Genealogia"},"image":{"@id":"https:\/\/www.radici-genealogia.com\/home\/#\/schema\/logo\/image\/"},"sameAs":["https:\/\/www.instagram.com\/_diego_luciano_"]}]}},"_links":{"self":[{"href":"https:\/\/www.radici-genealogia.com\/home\/wp-json\/wp\/v2\/pages\/32","targetHints":{"allow":["GET"]}}],"collection":[{"href":"https:\/\/www.radici-genealogia.com\/home\/wp-json\/wp\/v2\/pages"}],"about":[{"href":"https:\/\/www.radici-genealogia.com\/home\/wp-json\/wp\/v2\/types\/page"}],"author":[{"embeddable":true,"href":"https:\/\/www.radici-genealogia.com\/home\/wp-json\/wp\/v2\/users\/1"}],"replies":[{"embeddable":true,"href":"https:\/\/www.radici-genealogia.com\/home\/wp-json\/wp\/v2\/comments?post=32"}],"version-history":[{"count":43,"href":"https:\/\/www.radici-genealogia.com\/home\/wp-json\/wp\/v2\/pages\/32\/revisions"}],"predecessor-version":[{"id":1489,"href":"https:\/\/www.radici-genealogia.com\/home\/wp-json\/wp\/v2\/pages\/32\/revisions\/1489"}],"wp:attachment":[{"href":"https:\/\/www.radici-genealogia.com\/home\/wp-json\/wp\/v2\/media?parent=32"}],"curies":[{"name":"wp","href":"https:\/\/api.w.org\/{rel}","templated":true}]}}